{"id":32348,"date":"2026-09-02T11:42:15","date_gmt":"2026-09-02T09:42:15","guid":{"rendered":"https:\/\/www.hoenle.com\/?page_id=32348"},"modified":"2026-09-02T12:04:35","modified_gmt":"2026-09-02T10:04:35","slug":"uv-desinfektion-molkerei","status":"publish","type":"page","link":"https:\/\/www.hoenle.com\/de\/produkte-loesungen\/case-studies\/uv-desinfektion-molkerei\/","title":{"rendered":"UV-Desinfektion Molkerei"},"content":{"rendered":"<div class=\"wpb-content-wrapper\"><p>[vc_section][vc_row][vc_column width=&#8221;1\/2&#8243;]\n<h1 class=\"akt-heading akt-heading--block akt-heading--h1 akt-heading--align-left\">\n            <span class=\"akt-heading__part akt-heading__part--light\">Case Study<\/span>\n                <span class=\"akt-heading__part akt-heading__part--bold\">Die UV-C-Technologie gew\u00e4hrleistet eine zuverl\u00e4ssige Desinfektion der Deckel in Verpackungsanlagen f\u00fcr Milchprodukte<\/span>\n    <\/h1>[\/vc_column][vc_column width=&#8221;1\/2&#8243;][vc_column_text css=&#8221;&#8221;]Jeder Becher oder jede Flasche Joghurt, Milch oder Sahne ist nur so hygienisch wie der Deckel oder die Folie, mit der sie verschlossen ist. Da Milchprodukte ein ideales Umfeld f\u00fcr das Wachstum von Mikroorganismen bieten, kann bereits eine geringe Verunreinigung an der Verschlussfl\u00e4che eine gesamte Charge gef\u00e4hrden. Dies macht die Desinfektion von Deckeln und Folien zu einem der sicherheitskritischsten Schritte in modernen Abf\u00fcllanlagen f\u00fcr Milchprodukte \u2013 und genau diese Herausforderung wollte ein etablierter chinesischer Hersteller von aseptischen und Form-Fill-Seal-Abf\u00fcllmaschinen (FFS) f\u00fcr die Milchindustrie f\u00fcr seine eigenen Kunden l\u00f6sen.[\/vc_column_text][\/vc_column][\/vc_row][\/vc_section][vc_section css=&#8221;.vc_custom_1756467838007{background-color: #FFFFFF !important;}&#8221;][vc_row][vc_column][vc_column_text css=&#8221;&#8221;]<\/p>\n<h5><strong>Bek\u00e4mpfung eines h\u00e4ufigen Kontaminanten in der Milchwirtschaft \u2013 Charge f\u00fcr Charge<\/strong><\/h5>\n<p>Im Mittelpunkt der Herausforderung stand Bacillus atrophaeus (ATCC 9372, fr\u00fcher auch als Bacillus subtilis var. niger bezeichnet) \u2013 ein sporenbildendes Bakterium, das in Produktionsumgebungen der Milchwirtschaft h\u00e4ufig vorkommt und bekannterma\u00dfen schwer zu inaktivieren ist. F\u00fcr die Endkunden des Maschinenherstellers, die strenge Qualit\u00e4ts- und Sicherheitsanforderungen an ihre fertigen Milchprodukte stellen, war die zuverl\u00e4ssige Bek\u00e4mpfung dieses Organismus auf jedem Deckel unverzichtbar. Bleibt dieses Problem ungel\u00f6st, birgt eine unvollst\u00e4ndige Desinfektion der Deckel ein sehr konkretes Risiko: Ganze Produktchargen k\u00f6nnen als fehlerhaft aussortiert werden, bevor sie \u00fcberhaupt in die Regale gelangen.[\/vc_column_text][vc_empty_space][vc_column_text css=&#8221;&#8221;]<\/p>\n<h5><strong>Chemiefreie Desinfektion mit hohem Durchsatz, entwickelt f\u00fcr eine kompakte Maschine<\/strong><\/h5>\n<p>Die vom Hersteller f\u00fcr den Desinfektionsschritt gestellte Anforderung war klar und messbar: eine Abt\u00f6tungsrate von 99,9 % gegen\u00fcber Bacillus atrophaeus (ATCC 9372), die ohne Chemikalien erreicht werden sollte, da so nahe an einer Lebensmittelkontaktfl\u00e4che keine Reinigungsmittel eingesetzt werden d\u00fcrfen. Da das Modul zudem bei hoher Liniengeschwindigkeit innerhalb einer kompakten Maschinenbaugr\u00f6\u00dfe betrieben werden musste, wurden neben dem Mitteldruck-UV-C-Verfahren zwei alternative Ans\u00e4tze abgewogen. Gepulstes Licht liefert hohe Dosen in kurzen Impulsen, doch seine hellen Blitze und Ger\u00e4usche stellen eine echte Herausforderung f\u00fcr Anlagen dar, die in einer Produktionshalle mit Personal in der N\u00e4he betrieben werden. Herk\u00f6mmliches Niederdruck-UV-C \u2013 eine Technologie, die dem Hersteller bereits aus fr\u00fcheren Lampenanordnungen mit bis zu zw\u00f6lf Lampen bekannt war \u2013 erzeugt seine Dosis allm\u00e4hlicher und ben\u00f6tigt mehr Lampen \u2013 und damit mehr Einbauraum und ein besseres W\u00e4rmemanagement \u2013, um die gleiche Leistung zu erreichen. Keine der beiden L\u00f6sungen entsprach der Kombination aus Dosis, Geschwindigkeit und Kompaktheit, die die neue Maschinengeneration erforderte.[\/vc_column_text][vc_empty_space][vc_column_text css=&#8221;&#8221;]<\/p>\n<h5><strong>Ein weltweit anerkannter Ma\u00dfstab f\u00fcr die Desinfektionsleistung<\/strong><\/h5>\n<p>Bacillus atrophaeus ATCC 9372 ist kein beliebiger Testorganismus: Da seine Sporen ungew\u00f6hnlich widerstandsf\u00e4hig sind, geh\u00f6rt er zu den international etablierten biologischen Indikatorst\u00e4mmen, die zur Validierung nicht-thermischer Sterilisations- und Desinfektionsverfahren verwendet werden und in Normen wie der ISO 11138 f\u00fcr biologische Indikatoren als Referenz genannt werden. In China unterliegen Molkereien und ihre Ausr\u00fcstungslieferanten zus\u00e4tzlich der nationalen Lebensmittelsicherheitsnorm GB 12693 (Gute Herstellungspraxis f\u00fcr Milchprodukte), die strenge Hygieneanforderungen an Anlagen und alle Materialien stellt, die mit dem Produkt in Kontakt kommen. Die Wahl einer Desinfektionstechnologie, die anhand von ATCC 9372 validiert wurde, bietet den Kunden des Maschinenherstellers einen Ma\u00dfstab, der weit \u00fcber einen einzelnen Produktionsstandort hinaus anerkannt ist.[\/vc_column_text][vc_empty_space][vc_column_text css=&#8221;&#8221;]<\/p>\n<h5><strong>Hohe Dosis, geringer Platzbedarf: Warum die Wahl auf UVATEC fiel<\/strong><\/h5>\n<blockquote><p>\u201eErf\u00fcllt die neuen Anforderungen.\u201c \u2013 der Maschinenhersteller<\/p><\/blockquote>\n<p>Der Hersteller entschied sich f\u00fcr das UVATEC-Mitteldruck-UV-C-Modul von Hoenle, da es eine hohe Dosis mit einer kompakten Bauweise verbindet \u2013 genau die Kombination, die die Anwendung erforderte. Im Betrieb erm\u00f6glicht das Modul hohe Laufgeschwindigkeiten und ben\u00f6tigt dabei nur wenig Platz an der Maschine, sodass es sich problemlos in neue und bestehende Abf\u00fcllanlagen integrieren l\u00e4sst.[\/vc_column_text][vc_empty_space][vc_column_text css=&#8221;&#8221;]<\/p>\n<h5><strong>Empfehlenswert \u2013 enge technische Zusammenarbeit als entscheidender Faktor<\/strong><\/h5>\n<p>Auf die Frage, ob sie das System weiterempfehlen w\u00fcrden, lautete die Antwort des Herstellers ein klares \u201eJa\u201c. Im R\u00fcckblick auf das Projekt kristallisierten sich drei Punkte als wichtigste Erkenntnisse heraus:<\/p>\n<ul>\n<li>Die Mitteldruck-UV-Lampentechnologie bietet gegen\u00fcber herk\u00f6mmlichen Niederdruck-Anordnungen einen echten Vorteil in Bezug auf Energieeffizienz und Leistung.<\/li>\n<li>Das kompakte Design von UVATEC eignet sich perfekt f\u00fcr den Einbau in schnelle Abf\u00fcllmaschinen mit begrenztem Platzangebot.<\/li>\n<li>Eine enge und intensive Kommunikation mit dem Kunden ist unerl\u00e4sslich, um die richtige, fachm\u00e4nnisch ausgearbeitete L\u00f6sung zu finden.<\/li>\n<\/ul>\n<p>[\/vc_column_text][vc_empty_space][vc_column_text css=&#8221;&#8221;]<\/p>\n<h5><strong>Ausblick: \u00dcber Milchdeckel hinaus<\/strong><\/h5>\n<p>Der Hersteller sieht bereits weiteres Potenzial f\u00fcr dieselbe UV-C-Technologie bei Folien, die f\u00fcr andere Milchprodukte verwendet werden, und will damit den Desinfektionsumfang auf einen gr\u00f6\u00dferen Teil seines Verpackungsportfolios ausweiten. Allgemeiner betrachtet steht jeder Produktionsprozess, der auf die zuverl\u00e4ssige Beseitigung resistenter, sporenbildender Organismen von Oberfl\u00e4chen mit Lebensmittelkontakt angewiesen ist, vor einer \u00e4hnlichen Herausforderung \u2013 weshalb vergleichbare UV-C-Desinfektionsl\u00f6sungen sowohl in der Lebensmittel- und Getr\u00e4nkeindustrie als auch in der pharmazeutischen Produktion gleicherma\u00dfen relevant sind.<\/p>\n<p>F\u00fcr Hoenle unterstreicht das Projekt, was die UV-C-Desinfektion in anspruchsvollen OEM-Anlagen so erfolgreich macht: nicht nur eine Lampe, die eine bestimmte Abt\u00f6tungsrate erreicht, sondern ein kompaktes, hochdosiertes System, das gemeinsam mit dem Maschinenbauer speziell f\u00fcr die realen Bedingungen einer laufenden Produktionslinie entwickelt wurde. F\u00fcr den Hersteller bedeutet dies ein Desinfektionsmodul, auf das sich seine eigenen Kunden verlassen k\u00f6nnen, dass es strenge Hygieneanforderungen in der Milchwirtschaft erf\u00fcllt \u2013 Charge f\u00fcr Charge.[\/vc_column_text][\/vc_column][\/vc_row][\/vc_section][vc_section css=&#8221;.vc_custom_1757515286039{background-color: #F2F4F6 !important;}&#8221;][vc_row][vc_column width=&#8221;1\/3&#8243;]\n<h2 class=\"akt-heading akt-heading--block akt-heading--h2 akt-heading--align-left\">\n            <span class=\"akt-heading__part akt-heading__part--light\">Kontakt &amp;<\/span>\n                <span class=\"akt-heading__part akt-heading__part--bold\">Support<\/span>\n    <\/h2>[\/vc_column][vc_column width=&#8221;2\/3&#8243;][vc_column_text css=&#8221;.vc_custom_1788342567407{background-color: #F2F4F6 !important;}&#8221;]Haben Sie Fragen oder ben\u00f6tigen Sie Unterst\u00fctzung? Wir helfen Ihnen gerne weiter.[\/vc_column_text][vc_empty_space height=&#8221;15px&#8221;]\n<div class=\"akt-button-wrapper akt-button-wrapper--align-left\">\n            <a href=\"https:\/\/www.hoenle.com\/de\/kontakt\/\" \n           class=\"akt-button akt-button--medium akt-button--primary akt-button--light\" title=\"Kontakt\" aria-label=\"Kontakt\"                      >\n            <span class=\"akt-button__text\" data-text=\"Experten kontaktieren\">Experten kontaktieren<\/span>\n        <\/a>\n    <\/div>[\/vc_column][\/vc_row][\/vc_section][vc_section css=&#8221;.vc_custom_1770625726257{background-color: #FFFFFF !important;}&#8221;][vc_row][vc_column][vc_row_inner][vc_column_inner]\n<h2 class=\"akt-heading akt-heading--inline akt-heading--h2 akt-heading--align-left\">\n            <span class=\"akt-heading__part akt-heading__part--light\">Main<\/span>\n                <span class=\"akt-heading__part akt-heading__part--bold\">Focus<\/span>\n    <\/h2>\n<div class=\"akt-image-grid-wrapper\">\n    \n            <div class=\"akt-image-grid akt-image-grid--columns-5 akt-image-grid--align-center\">\n                                            \n                <div class=\"akt-image-grid__item akt-image-grid__item--image\" \n                     data-item-index=\"0\"\n                     data-item-id=\"akt-item-0-4347\"\n                     >\n                    \n                                            <a href=\"https:\/\/www.hoenle.com\/de\/produkte-loesungen\/produkt-kategorien\/uvc-luftdesinfektion\/\" \n                           class=\"akt-image-grid__link\"\n                                                      title=\"Luftdesinfektionsl\u00f6sungen\">\n                                        \n                    <div class=\"akt-image-grid__image-container\">\n                                                                                                                    <img decoding=\"async\" src=\"https:\/\/www.hoenle.com\/wp-content\/uploads\/hoenle-icon-luftdesinfektion-typoblau-rgb.svg\" \n                                     alt=\"Luftdesinfektionsl\u00f6sungen\" \n                                     class=\"akt-image-grid__image\"\n                                     style=\"width: 150px; height: 150px;\" \/>\n                                                                        <\/div>\n                    \n                                            <div class=\"akt-image-grid__text\">\n                            Luftdesinfektionsl\u00f6sungen                        <\/div>\n                                        \n                                            <\/a>\n                                    <\/div>\n                \n                                \n                                            \n                <div class=\"akt-image-grid__item akt-image-grid__item--image\" \n                     data-item-index=\"1\"\n                     data-item-id=\"akt-item-1-8794\"\n                     >\n                    \n                                            <a href=\"https:\/\/www.hoenle.com\/de\/produkte-loesungen\/produkt-kategorien\/uvc-wasser-desinfektion\/\" \n                           class=\"akt-image-grid__link\"\n                                                      title=\"Wasserdesinfektionsl\u00f6sungen\">\n                                        \n                    <div class=\"akt-image-grid__image-container\">\n                                                                                                                    <img decoding=\"async\" src=\"https:\/\/www.hoenle.com\/wp-content\/uploads\/hoenle_icons_wasserdesinfektion_typoblau.svg\" \n                                     alt=\"Wasserdesinfektionsl\u00f6sungen\" \n                                     class=\"akt-image-grid__image\"\n                                     style=\"width: 150px; height: 150px;\" \/>\n                                                                        <\/div>\n                    \n                                            <div class=\"akt-image-grid__text\">\n                            Wasserdesinfektionsl\u00f6sungen                        <\/div>\n                                        \n                                            <\/a>\n                                    <\/div>\n                \n                                \n                                            \n                <div class=\"akt-image-grid__item akt-image-grid__item--image\" \n                     data-item-index=\"2\"\n                     data-item-id=\"akt-item-2-1671\"\n                     >\n                    \n                                            <a href=\"https:\/\/www.hoenle.com\/de\/produkte-loesungen\/produkt-kategorien\/uvc-oberflaechendesinfektion\/\" \n                           class=\"akt-image-grid__link\"\n                                                      title=\"Oberfl\u00e4chendesinfektionsl\u00f6sungen\">\n                                        \n                    <div class=\"akt-image-grid__image-container\">\n                                                                                                                    <img decoding=\"async\" src=\"https:\/\/www.hoenle.com\/wp-content\/uploads\/hoenle-icon-oberflaechendesinfektion-typoblau-rgb.svg\" \n                                     alt=\"Oberfl\u00e4chendesinfektionsl\u00f6sungen\" \n                                     class=\"akt-image-grid__image\"\n                                     style=\"width: 150px; height: 150px;\" \/>\n                                                                        <\/div>\n                    \n                                            <div class=\"akt-image-grid__text\">\n                            Oberfl\u00e4chendesinfektionsl\u00f6sungen                        <\/div>\n                                        \n                                            <\/a>\n                                    <\/div>\n                \n                                \n                                            \n                <div class=\"akt-image-grid__item akt-image-grid__item--image\" \n                     data-item-index=\"3\"\n                     data-item-id=\"akt-item-3-5794\"\n                     >\n                    \n                                            <a href=\"https:\/\/www.hoenle.com\/de\/produkte-loesungen\/produkt-kategorien\/uv-komponenten\/\" \n                           class=\"akt-image-grid__link\"\n                                                      title=\"UV-Lampen &amp; Komponenten\">\n                                        \n                    <div class=\"akt-image-grid__image-container\">\n                                                                                                                    <img decoding=\"async\" src=\"https:\/\/www.hoenle.com\/wp-content\/uploads\/hoenle-icon-komponenten-2-typoblau-rgb.svg\" \n                                     alt=\"UV-Lampen &amp; Komponenten\" \n                                     class=\"akt-image-grid__image\"\n                                     style=\"width: 150px; height: 150px;\" \/>\n                                                                        <\/div>\n                    \n                                            <div class=\"akt-image-grid__text\">\n                            UV-Lampen &amp; Komponenten                        <\/div>\n                                        \n                                            <\/a>\n                                    <\/div>\n                \n                                \n                                            \n                <div class=\"akt-image-grid__item akt-image-grid__item--image\" \n                     data-item-index=\"4\"\n                     data-item-id=\"akt-item-4-4005\"\n                     >\n                    \n                                            <a href=\"https:\/\/www.hoenle.com\/de\/produkte-loesungen\/anwendungen\/uv-entkeimung\/labor\/\" \n                           class=\"akt-image-grid__link\"\n                                                      title=\"Mikrobiologisches Labor\">\n                                        \n                    <div class=\"akt-image-grid__image-container\">\n                                                                                                                    <img decoding=\"async\" src=\"https:\/\/www.hoenle.com\/wp-content\/uploads\/hoenle-icon-labor-typoblau-rgb.svg\" \n                                     alt=\"Mikrobiologisches Labor\" \n                                     class=\"akt-image-grid__image\"\n                                     style=\"width: 150px; height: 150px;\" \/>\n                                                                        <\/div>\n                    \n                                            <div class=\"akt-image-grid__text\">\n                            Mikrobiologisches Labor                        <\/div>\n                                        \n                                            <\/a>\n                                    <\/div>\n                \n                                \n                    <\/div>\n        \n                \n    <\/div>[\/vc_column_inner][\/vc_row_inner][\/vc_column][\/vc_row][\/vc_section]<\/p>\n<\/div>","protected":false},"excerpt":{"rendered":"<p>[vc_section][vc_row][vc_column width=&#8221;1\/2&#8243;][\/vc_column][vc_column width=&#8221;1\/2&#8243;][vc_column_text css=&#8221;&#8221;]Jeder Becher oder jede Flasche Joghurt, Milch oder Sahne ist nur so hygienisch wie der Deckel oder [&hellip;]<\/p>\n","protected":false},"author":13,"featured_media":0,"parent":14309,"menu_order":5,"comment_status":"closed","ping_status":"closed","template":"","meta":{"content-type":"","inline_featured_image":false,"site-sidebar-layout":"no-sidebar","site-content-layout":"plain-container","ast-site-content-layout":"default","site-content-style":"default","site-sidebar-style":"default","ast-global-header-display":"","ast-banner-title-visibility":"","ast-main-header-display":"","ast-hfb-above-header-display":"","ast-hfb-below-header-display":"","ast-hfb-mobile-header-display":"","site-post-title":"disabled","ast-breadcrumbs-content":"","ast-featured-img":"disabled","footer-sml-layout":"","theme-transparent-header-meta":"default","adv-header-id-meta":"","stick-header-meta":"","header-above-stick-meta":"","header-main-stick-meta":"","header-below-stick-meta":"","astra-migrate-meta-layouts":"set","ast-page-background-enabled":"default","ast-page-background-meta":{"desktop":{"background-color":"var(--ast-global-color-5)","background-image":"","background-repeat":"repeat","background-position":"center center","background-size":"auto","background-attachment":"scroll","background-type":"","background-media":"","overlay-type":"","overlay-color":"","overlay-opacity":"","overlay-gradient":""},"tablet":{"background-color":"","background-image":"","background-repeat":"repeat","background-position":"center center","background-size":"auto","background-attachment":"scroll","background-type":"","background-media":"","overlay-type":"","overlay-color":"","overlay-opacity":"","overlay-gradient":""},"mobile":{"background-color":"","background-image":"","background-repeat":"repeat","background-position":"center center","background-size":"auto","background-attachment":"scroll","background-type":"","background-media":"","overlay-type":"","overlay-color":"","overlay-opacity":"","overlay-gradient":""}},"ast-content-background-meta":{"desktop":{"background-color":"var(--ast-global-color-4)","background-image":"","background-repeat":"repeat","background-position":"center center","background-size":"auto","background-attachment":"scroll","background-type":"","background-media":"","overlay-type":"","overlay-color":"","overlay-opacity":"","overlay-gradient":""},"tablet":{"background-color":"var(--ast-global-color-4)","background-image":"","background-repeat":"repeat","background-position":"center center","background-size":"auto","background-attachment":"scroll","background-type":"","background-media":"","overlay-type":"","overlay-color":"","overlay-opacity":"","overlay-gradient":""},"mobile":{"background-color":"var(--ast-global-color-4)","background-image":"","background-repeat":"repeat","background-position":"center center","background-size":"auto","background-attachment":"scroll","background-type":"","background-media":"","overlay-type":"","overlay-color":"","overlay-opacity":"","overlay-gradient":""}},"footnotes":""},"class_list":["post-32348","page","type-page","status-publish","hentry"],"_links":{"self":[{"href":"https:\/\/www.hoenle.com\/de\/wp-json\/wp\/v2\/pages\/32348","targetHints":{"allow":["GET"]}}],"collection":[{"href":"https:\/\/www.hoenle.com\/de\/wp-json\/wp\/v2\/pages"}],"about":[{"href":"https:\/\/www.hoenle.com\/de\/wp-json\/wp\/v2\/types\/page"}],"author":[{"embeddable":true,"href":"https:\/\/www.hoenle.com\/de\/wp-json\/wp\/v2\/users\/13"}],"replies":[{"embeddable":true,"href":"https:\/\/www.hoenle.com\/de\/wp-json\/wp\/v2\/comments?post=32348"}],"version-history":[{"count":3,"href":"https:\/\/www.hoenle.com\/de\/wp-json\/wp\/v2\/pages\/32348\/revisions"}],"predecessor-version":[{"id":32351,"href":"https:\/\/www.hoenle.com\/de\/wp-json\/wp\/v2\/pages\/32348\/revisions\/32351"}],"up":[{"embeddable":true,"href":"https:\/\/www.hoenle.com\/de\/wp-json\/wp\/v2\/pages\/14309"}],"wp:attachment":[{"href":"https:\/\/www.hoenle.com\/de\/wp-json\/wp\/v2\/media?parent=32348"}],"curies":[{"name":"wp","href":"https:\/\/api.w.org\/{rel}","templated":true}]}}